{"id":2,"date":"2016-06-17T15:48:21","date_gmt":"2016-06-17T14:48:21","guid":{"rendered":"http:\/\/wp452m.a10-52-158-154.qa.plesk.ru\/wordpress\/?page_id=2"},"modified":"2022-11-13T10:41:31","modified_gmt":"2022-11-13T09:41:31","slug":"sample-page","status":"publish","type":"page","link":"https:\/\/www.holzfachmarkt-schmitt.de\/?page_id=2","title":{"rendered":"\u00dcber uns"},"content":{"rendered":"\n<p>Auf diesen Seiten k\u00f6nnen Sie etwas mehr \u00fcber die Firma erfahren und au\u00dferdem unsere \u00d6ffnungszeiten sowie die Anfahrtswege zu unserem Laden nachsehen.<\/p>\n\n\n\n<h5 class=\"wp-block-heading\">Die Firmengeschichte:<\/h5>\n\n\n\n<ul class=\"wp-block-list\">\n<li><strong><b>1997:<\/b> <\/strong>Gr\u00fcndung durch Ewald Schmitt als Holz- und Bedachungsfachhandel<\/li>\n\n\n\n<li><strong><b>2000:<\/b> <\/strong>Die Firma wird ins Gewerbegebiet Gro\u00dfeibstadt verlagert und eine Grundfl\u00e4che von 2500 m\u00b2 erworben<\/li>\n\n\n\n<li><b><strong>2001:<\/strong><\/b> Bau einer Verkaufs- und Lagerhalle mit einer Fl\u00e4che von 390 m\u00b2<\/li>\n\n\n\n<li><b><strong>2002:<\/strong><\/b> Er\u00f6ffnung der Fu\u00dfboden- und Deckenausstellung<\/li>\n\n\n\n<li><strong><b>2004:<\/b> <\/strong>Beitritt zum MDH, dem Marketingverbund Deutscher Holzfachh\u00e4ndler<\/li>\n\n\n\n<li><strong><b>2005:<\/b> <\/strong>Erweiterung und Neuer\u00f6ffung der Gartenausstellung mit Gartenh\u00e4usern, Sichtschutzz\u00e4unen und Spielger\u00e4ten<\/li>\n\n\n\n<li><strong><b>2006:<\/b> <\/strong>Anbau eines &#8222;In Door&#8220; Marktes mit einer Fl\u00e4che von 230 m\u00b2 zur Ausstellung von Fu\u00dfb\u00f6den und Gartenelementen<\/li>\n\n\n\n<li><strong><b>2007:<\/b> <\/strong>10-j\u00e4hriges Firmenjubil\u00e4um mit vielen G\u00e4sten und Events<\/li>\n\n\n\n<li><strong><b>2008:<\/b> <\/strong>Grunderwerb von jetzt 6500 m\u00b2<\/li>\n\n\n\n<li><b><strong>2009:<\/strong><\/b> Erweiterung der Gartenhausausstellung mit Gartenh\u00e4usern, Carports und Pavillons<\/li>\n\n\n\n<li><strong>2017:<\/strong> Das 20-j\u00e4hrige Firmenjubil\u00e4um wird begangen<\/li>\n\n\n\n<li><strong>2022:<\/strong> Feierlichkeiten auf dem Firmengel\u00e4nde nach der weitgehenden Beendigung der Corona Schutzma\u00dfnahmen und der damit einher gehenden Normalisierung der Gesch\u00e4ftsaktivit\u00e4ten<\/li>\n<\/ul>\n","protected":false},"excerpt":{"rendered":"<p>Auf diesen Seiten k\u00f6nnen Sie etwas mehr \u00fcber die Firma erfahren und au\u00dferdem unsere \u00d6ffnungszeiten sowie die Anfahrtswege zu unserem Laden nachsehen. Die Firmengeschichte:<\/p>\n","protected":false},"author":1,"featured_media":0,"parent":0,"menu_order":0,"comment_status":"closed","ping_status":"open","template":"","meta":{"footnotes":""},"class_list":["post-2","page","type-page","status-publish","hentry"],"_links":{"self":[{"href":"https:\/\/www.holzfachmarkt-schmitt.de\/index.php?rest_route=\/wp\/v2\/pages\/2","targetHints":{"allow":["GET"]}}],"collection":[{"href":"https:\/\/www.holzfachmarkt-schmitt.de\/index.php?rest_route=\/wp\/v2\/pages"}],"about":[{"href":"https:\/\/www.holzfachmarkt-schmitt.de\/index.php?rest_route=\/wp\/v2\/types\/page"}],"author":[{"embeddable":true,"href":"https:\/\/www.holzfachmarkt-schmitt.de\/index.php?rest_route=\/wp\/v2\/users\/1"}],"replies":[{"embeddable":true,"href":"https:\/\/www.holzfachmarkt-schmitt.de\/index.php?rest_route=%2Fwp%2Fv2%2Fcomments&post=2"}],"version-history":[{"count":6,"href":"https:\/\/www.holzfachmarkt-schmitt.de\/index.php?rest_route=\/wp\/v2\/pages\/2\/revisions"}],"predecessor-version":[{"id":328,"href":"https:\/\/www.holzfachmarkt-schmitt.de\/index.php?rest_route=\/wp\/v2\/pages\/2\/revisions\/328"}],"wp:attachment":[{"href":"https:\/\/www.holzfachmarkt-schmitt.de\/index.php?rest_route=%2Fwp%2Fv2%2Fmedia&parent=2"}],"curies":[{"name":"wp","href":"https:\/\/api.w.org\/{rel}","templated":true}]}}